

{"id":113441,"date":"2025-06-08T16:03:14","date_gmt":"2025-06-08T14:03:14","guid":{"rendered":"https:\/\/actitudes.ch\/?post_type=tribe_events&#038;p=113441"},"modified":"2025-06-08T16:03:14","modified_gmt":"2025-06-08T14:03:14","slug":"meetup-einstellungen-zum-leben-des-okozyklus-nachhaltiger-teams-19-juni-2025","status":"publish","type":"tribe_events","link":"https:\/\/actitudes.ch\/de\/evenement\/meetup-actitudes-vivre-lecocycle-des-equipes-durables-19-juin-2025\/","title":{"rendered":"MeetUp Actitudes\u00ae: Den \u00d6kozyklus nachhaltiger Teams leben | 19. Juni 2025"},"content":{"rendered":"<p><span style=\"font-weight: 400;\">Das Ziel dieses j\u00e4hrlichen Treffens ist es, <\/span><b>sich zu treffen und gemeinsam inspirieren zu lassen, um unsere t\u00e4glichen Praktiken hin zu nachhaltigeren Organisationen und Teams zu bereichern.<\/b><\/p>\n<p><span style=\"font-weight: 400;\">Dar\u00fcber hinaus freuen wir uns sehr, <\/span><b>Dr. \u00c9tienne Collignon<\/b><span style=\"font-weight: 400;\"> als besonderen Gast f\u00fcr unseren MeetUp-Tag am 19. Juni 2025 in Cr\u00eat-B\u00e9rard! \u00c9tienne ist der\u2019<\/span><b>Autor des Buches \u201cDas lernende Team\u201d<\/b><span style=\"font-weight: 400;\">, er ist Spezialist f\u00fcr lernende Organisationen und international anerkannt.<\/span><\/p>\n<p><span style=\"font-weight: 400;\">Er wird mit der Gruppe in Immersion sein und an allen Diskussionen dieses Tages teilnehmen. Nach dem partizipativen Workshop zum \u00d6kozyklus f\u00fcr nachhaltige Teams wird Etienne uns seine Sichtweise in Form eines \u201c<\/span><i><span style=\"font-weight: 400;\">Berichts des Erstaunens<\/span><\/i><span style=\"font-weight: 400;\">\u201d.<\/span><\/p>\n<p>&nbsp;<\/p>\n<p><strong>PROGRAMM:<\/strong><\/p>\n<table style=\"height: 329px;\" width=\"948\">\n<tbody>\n<tr>\n<td>09:30\u201312:00<\/td>\n<td>Begr\u00fc\u00dfungskaffee und dialogischer Waldspaziergang<\/td>\n<\/tr>\n<tr>\n<td>12:00\u201313:00<\/td>\n<td>Mittagessen<\/td>\n<\/tr>\n<tr>\n<td>13:30\u201317:30<\/td>\n<td>Partizipativer Workshop mit dem \u00d6kozyklus nachhaltiger Teams<\/td>\n<\/tr>\n<tr>\n<td>17:30\u201318:30<\/td>\n<td><span style=\"font-weight: 400;\">Ap\u00e9ro-Networking und Buchsignierungen\u00a0<\/span><span style=\"font-weight: 400;\">\u201cDas lernende Team\u201d und \u201cDie nachhaltigen Teams\u201d<\/span><\/td>\n<\/tr>\n<\/tbody>\n<\/table>\n<p>&nbsp;<\/p>\n<p>Treten Sie uns bei und treffen wir uns!<\/p>\n<p>&nbsp;<\/p>","protected":false},"excerpt":{"rendered":"<p>Dieser Tag \u201cDen \u00d6kozyklus nachhaltiger Teams leben\u201d richtet sich an alle Personen, die sich direkt oder indirekt f\u00fcr das Thema nachhaltiger Teams interessieren: Er bietet die Gelegenheit, sich zu treffen und gemeinsam inspirieren zu lassen, um unsere t\u00e4glichen Praktiken hin zu nachhaltigeren Organisationen und Teams zu bereichern.<\/p>","protected":false},"author":2,"featured_media":88943,"template":"","meta":{"_acf_changed":false,"_price":"","_stock":"","_tribe_ticket_header":"","_tribe_default_ticket_provider":"Tribe__Tickets_Plus__Commerce__WooCommerce__Main","_tribe_ticket_capacity":"40","_ticket_start_date":"","_ticket_end_date":"","_tribe_ticket_show_description":"","_tribe_ticket_show_not_going":false,"_tribe_ticket_use_global_stock":"1","_tribe_ticket_global_stock_level":"10","_global_stock_mode":"","_global_stock_cap":"","_tribe_rsvp_for_event":"","_tribe_ticket_going_count":"","_tribe_ticket_not_going_count":"","_tribe_tickets_list":"[]","_tribe_ticket_has_attendee_info_fields":false,"_tribe_events_status":"","_tribe_events_status_reason":"","_tribe_events_is_hybrid":"","_tribe_events_is_virtual":"","_tribe_events_virtual_video_source":"","_tribe_events_virtual_embed_video":"","_tribe_events_virtual_linked_button_text":"","_tribe_events_virtual_linked_button":"","_tribe_events_virtual_show_embed_at":"","_tribe_events_virtual_show_embed_to":[],"_tribe_events_virtual_show_on_event":"","_tribe_events_virtual_show_on_views":"","_tribe_events_virtual_url":"","wds_primary_tribe_events_cat":0,"footnotes":"","_tec_slr_enabled":"","_tec_slr_layout":""},"tags":[],"tribe_events_cat":[259],"class_list":["post-113441","tribe_events","type-tribe_events","status-publish","has-post-thumbnail","hentry","tribe_events_cat-meetup-actitudes","cat_meetup-actitudes"],"acf":[],"ticketed":false,"_links":{"self":[{"href":"https:\/\/actitudes.ch\/de\/wp-json\/wp\/v2\/tribe_events\/113441","targetHints":{"allow":["GET"]}}],"collection":[{"href":"https:\/\/actitudes.ch\/de\/wp-json\/wp\/v2\/tribe_events"}],"about":[{"href":"https:\/\/actitudes.ch\/de\/wp-json\/wp\/v2\/types\/tribe_events"}],"author":[{"embeddable":true,"href":"https:\/\/actitudes.ch\/de\/wp-json\/wp\/v2\/users\/2"}],"version-history":[{"count":0,"href":"https:\/\/actitudes.ch\/de\/wp-json\/wp\/v2\/tribe_events\/113441\/revisions"}],"wp:featuredmedia":[{"embeddable":true,"href":"https:\/\/actitudes.ch\/de\/wp-json\/wp\/v2\/media\/88943"}],"wp:attachment":[{"href":"https:\/\/actitudes.ch\/de\/wp-json\/wp\/v2\/media?parent=113441"}],"wp:term":[{"taxonomy":"post_tag","embeddable":true,"href":"https:\/\/actitudes.ch\/de\/wp-json\/wp\/v2\/tags?post=113441"},{"taxonomy":"tribe_events_cat","embeddable":true,"href":"https:\/\/actitudes.ch\/de\/wp-json\/wp\/v2\/tribe_events_cat?post=113441"}],"curies":[{"name":"wp","href":"https:\/\/api.w.org\/{rel}","templated":true}]}}